{"id":1891,"date":"2025-09-02T17:33:31","date_gmt":"2025-09-02T17:33:31","guid":{"rendered":"https:\/\/mariavicestudio.com\/projects\/barcelona-obertura-cultural-campaign\/"},"modified":"2025-11-26T05:16:26","modified_gmt":"2025-11-26T05:16:26","slug":"barcelona-obertura-cultural-campaign","status":"publish","type":"projects","link":"https:\/\/mariavicestudio.com\/en\/projects\/barcelona-obertura-cultural-campaign\/","title":{"rendered":"Barcelona Obertura \u2013 cultural campaign"},"content":{"rendered":"\t\t<div data-elementor-type=\"wp-post\" data-elementor-id=\"1891\" class=\"elementor elementor-1891 elementor-1770\" data-elementor-post-type=\"projects\">\n\t\t\t\t<div class=\"elementor-element elementor-element-3188a57d e-con-full e-flex e-con e-parent\" data-id=\"3188a57d\" data-element_type=\"container\" data-e-type=\"container\">\n\t\t<div class=\"elementor-element elementor-element-1078a64e e-con-full e-flex e-con e-child\" data-id=\"1078a64e\" data-element_type=\"container\" data-e-type=\"container\">\n\t\t\t\t<div class=\"elementor-element elementor-element-4904a154 elementor-invisible elementor-widget elementor-widget-heading\" data-id=\"4904a154\" data-element_type=\"widget\" data-e-type=\"widget\" data-settings=\"{&quot;_animation&quot;:&quot;fadeIn&quot;}\" data-widget_type=\"heading.default\">\n\t\t\t\t<div class=\"elementor-widget-container\">\n\t\t\t\t\t<h1 class=\"elementor-heading-title elementor-size-default\">Barcelona Obertura<\/h1>\t\t\t\t<\/div>\n\t\t\t\t<\/div>\n\t\t\t\t<div class=\"elementor-element elementor-element-11ba7b0c elementor-invisible elementor-widget elementor-widget-heading\" data-id=\"11ba7b0c\" data-element_type=\"widget\" data-e-type=\"widget\" data-settings=\"{&quot;_animation&quot;:&quot;fadeIn&quot;,&quot;_animation_delay&quot;:100}\" data-widget_type=\"heading.default\">\n\t\t\t\t<div class=\"elementor-widget-container\">\n\t\t\t\t\t<h2 class=\"elementor-heading-title elementor-size-default\"><span>Branding<\/span> | <span>Campaign<\/span> | <span>Editorial Design<\/span><\/h2>\t\t\t\t<\/div>\n\t\t\t\t<\/div>\n\t\t\t\t<\/div>\n\t\t\t\t<div class=\"elementor-element elementor-element-7242c4c4 elementor-widget elementor-widget-spacer\" data-id=\"7242c4c4\" data-element_type=\"widget\" data-e-type=\"widget\" data-widget_type=\"spacer.default\">\n\t\t\t\t<div class=\"elementor-widget-container\">\n\t\t\t\t\t\t\t<div class=\"elementor-spacer\">\n\t\t\t<div class=\"elementor-spacer-inner\"><\/div>\n\t\t<\/div>\n\t\t\t\t\t\t<\/div>\n\t\t\t\t<\/div>\n\t\t\t\t<div class=\"elementor-element elementor-element-441c86e5 elementor-widget__width-initial elementor-widget-mobile__width-inherit elementor-invisible elementor-widget elementor-widget-text-editor\" data-id=\"441c86e5\" data-element_type=\"widget\" data-e-type=\"widget\" data-settings=\"{&quot;_animation&quot;:&quot;fadeIn&quot;,&quot;_animation_delay&quot;:200}\" data-widget_type=\"text-editor.default\">\n\t\t\t\t<div class=\"elementor-widget-container\">\n\t\t\t\t\t\t\t\t\t<p>Three major music institutions, one shared heartbeat. Liceu, Palau de la M\u00fasica Catalana and L\u2019Auditori come together to place Barcelona at the centre of the international classical music scene. A festival that celebrates the city\u2019s talent, architecture and rhythm\u2014turning all the streets into one big stage.  <\/p>\t\t\t\t\t\t\t\t<\/div>\n\t\t\t\t<\/div>\n\t\t\t\t<div class=\"elementor-element elementor-element-56e4e34f elementor-widget__width-initial link elementor-widget-mobile__width-inherit elementor-invisible elementor-widget elementor-widget-text-editor\" data-id=\"56e4e34f\" data-element_type=\"widget\" data-e-type=\"widget\" data-settings=\"{&quot;_animation&quot;:&quot;fadeIn&quot;,&quot;_animation_delay&quot;:300}\" data-widget_type=\"text-editor.default\">\n\t\t\t\t<div class=\"elementor-widget-container\">\n\t\t\t\t\t\t\t\t\t<p>Fotography: <a href=\"https:\/\/www.valdiviesophoto.com\">Jaime Valdivieso<\/a><\/p>\t\t\t\t\t\t\t\t<\/div>\n\t\t\t\t<\/div>\n\t\t\t\t<div class=\"elementor-element elementor-element-673b409c elementor-widget elementor-widget-spacer\" data-id=\"673b409c\" data-element_type=\"widget\" data-e-type=\"widget\" data-widget_type=\"spacer.default\">\n\t\t\t\t<div class=\"elementor-widget-container\">\n\t\t\t\t\t\t\t<div class=\"elementor-spacer\">\n\t\t\t<div class=\"elementor-spacer-inner\"><\/div>\n\t\t<\/div>\n\t\t\t\t\t\t<\/div>\n\t\t\t\t<\/div>\n\t\t\t\t<\/div>\n\t\t<div class=\"elementor-element elementor-element-32c4b68 e-con-full gallery e-flex e-con e-parent\" data-id=\"32c4b68\" data-element_type=\"container\" data-e-type=\"container\">\n\t\t<div class=\"elementor-element elementor-element-dde8ecb e-con-full e-flex e-con e-child\" data-id=\"dde8ecb\" data-element_type=\"container\" data-e-type=\"container\">\n\t\t\t\t<div class=\"elementor-element elementor-element-41f3083 elementor-widget elementor-widget-image\" data-id=\"41f3083\" data-element_type=\"widget\" data-e-type=\"widget\" data-widget_type=\"image.default\">\n\t\t\t\t<div class=\"elementor-widget-container\">\n\t\t\t\t\t\t\t\t\t\t\t\t\t\t\t<img fetchpriority=\"high\" decoding=\"async\" width=\"2560\" height=\"1707\" src=\"https:\/\/mariavicestudio.com\/wp-content\/uploads\/2025\/11\/Maria-Viladomiu_Barcelona_Obertura_Brading_01_Editorial_Design-scaled.webp\" class=\"attachment-full size-full wp-image-2052\" alt=\"Cat\u00e1logo Barcelona Obertura 24-25 en un plano art\u00edstico de su dise\u00f1o editorial cultural\" srcset=\"https:\/\/mariavicestudio.com\/wp-content\/uploads\/2025\/11\/Maria-Viladomiu_Barcelona_Obertura_Brading_01_Editorial_Design-scaled.webp 2560w, https:\/\/mariavicestudio.com\/wp-content\/uploads\/2025\/11\/Maria-Viladomiu_Barcelona_Obertura_Brading_01_Editorial_Design-300x200.webp 300w, https:\/\/mariavicestudio.com\/wp-content\/uploads\/2025\/11\/Maria-Viladomiu_Barcelona_Obertura_Brading_01_Editorial_Design-1024x683.webp 1024w, https:\/\/mariavicestudio.com\/wp-content\/uploads\/2025\/11\/Maria-Viladomiu_Barcelona_Obertura_Brading_01_Editorial_Design-768x512.webp 768w, https:\/\/mariavicestudio.com\/wp-content\/uploads\/2025\/11\/Maria-Viladomiu_Barcelona_Obertura_Brading_01_Editorial_Design-1536x1024.webp 1536w, https:\/\/mariavicestudio.com\/wp-content\/uploads\/2025\/11\/Maria-Viladomiu_Barcelona_Obertura_Brading_01_Editorial_Design-2048x1366.webp 2048w\" sizes=\"(max-width: 2560px) 100vw, 2560px\" \/>\t\t\t\t\t\t\t\t\t\t\t\t\t\t\t<\/div>\n\t\t\t\t<\/div>\n\t\t\t\t<\/div>\n\t\t<div class=\"elementor-element elementor-element-09de85c e-con-full e-flex e-con e-child\" data-id=\"09de85c\" data-element_type=\"container\" data-e-type=\"container\">\n\t\t<div class=\"elementor-element elementor-element-fe70afc e-con-full e-flex e-con e-child\" data-id=\"fe70afc\" data-element_type=\"container\" data-e-type=\"container\">\n\t\t\t\t<div class=\"elementor-element elementor-element-75e3df3 elementor-widget elementor-widget-image\" data-id=\"75e3df3\" data-element_type=\"widget\" data-e-type=\"widget\" data-widget_type=\"image.default\">\n\t\t\t\t<div class=\"elementor-widget-container\">\n\t\t\t\t\t\t\t\t\t\t\t\t\t\t\t<img decoding=\"async\" width=\"683\" height=\"1024\" src=\"https:\/\/mariavicestudio.com\/wp-content\/uploads\/2025\/09\/Maria-Viladomiu_Barcelona_Obertura_Brading_02_Merchandising-683x1024.jpg\" class=\"attachment-large size-large wp-image-1767\" alt=\"Barcelona Obertura 23-24 season tote bag with cultural branding\" srcset=\"https:\/\/mariavicestudio.com\/wp-content\/uploads\/2025\/09\/Maria-Viladomiu_Barcelona_Obertura_Brading_02_Merchandising-683x1024.jpg 683w, https:\/\/mariavicestudio.com\/wp-content\/uploads\/2025\/09\/Maria-Viladomiu_Barcelona_Obertura_Brading_02_Merchandising-200x300.jpg 200w, https:\/\/mariavicestudio.com\/wp-content\/uploads\/2025\/09\/Maria-Viladomiu_Barcelona_Obertura_Brading_02_Merchandising-768x1152.jpg 768w, https:\/\/mariavicestudio.com\/wp-content\/uploads\/2025\/09\/Maria-Viladomiu_Barcelona_Obertura_Brading_02_Merchandising-1024x1536.jpg 1024w, https:\/\/mariavicestudio.com\/wp-content\/uploads\/2025\/09\/Maria-Viladomiu_Barcelona_Obertura_Brading_02_Merchandising-1365x2048.jpg 1365w, https:\/\/mariavicestudio.com\/wp-content\/uploads\/2025\/09\/Maria-Viladomiu_Barcelona_Obertura_Brading_02_Merchandising.jpg 1490w\" sizes=\"(max-width: 683px) 100vw, 683px\" \/>\t\t\t\t\t\t\t\t\t\t\t\t\t\t\t<\/div>\n\t\t\t\t<\/div>\n\t\t\t\t<\/div>\n\t\t<div class=\"elementor-element elementor-element-34c718e e-con-full e-flex e-con e-child\" data-id=\"34c718e\" data-element_type=\"container\" data-e-type=\"container\">\n\t\t\t\t<div class=\"elementor-element elementor-element-ba2b5da elementor-widget elementor-widget-image\" data-id=\"ba2b5da\" data-element_type=\"widget\" data-e-type=\"widget\" data-widget_type=\"image.default\">\n\t\t\t\t<div class=\"elementor-widget-container\">\n\t\t\t\t\t\t\t\t\t\t\t\t\t\t\t<img decoding=\"async\" width=\"683\" height=\"1024\" src=\"https:\/\/mariavicestudio.com\/wp-content\/uploads\/2025\/09\/Maria-Viladomiu_Barcelona_Obertura_Brading_03_Editorial_Design-683x1024.jpg\" class=\"attachment-large size-large wp-image-1769\" alt=\"Cover of Barcelona Obertura 24-25 catalog showing editorial design\" srcset=\"https:\/\/mariavicestudio.com\/wp-content\/uploads\/2025\/09\/Maria-Viladomiu_Barcelona_Obertura_Brading_03_Editorial_Design-683x1024.jpg 683w, https:\/\/mariavicestudio.com\/wp-content\/uploads\/2025\/09\/Maria-Viladomiu_Barcelona_Obertura_Brading_03_Editorial_Design-200x300.jpg 200w, https:\/\/mariavicestudio.com\/wp-content\/uploads\/2025\/09\/Maria-Viladomiu_Barcelona_Obertura_Brading_03_Editorial_Design-768x1152.jpg 768w, https:\/\/mariavicestudio.com\/wp-content\/uploads\/2025\/09\/Maria-Viladomiu_Barcelona_Obertura_Brading_03_Editorial_Design-1024x1536.jpg 1024w, https:\/\/mariavicestudio.com\/wp-content\/uploads\/2025\/09\/Maria-Viladomiu_Barcelona_Obertura_Brading_03_Editorial_Design-1365x2048.jpg 1365w, https:\/\/mariavicestudio.com\/wp-content\/uploads\/2025\/09\/Maria-Viladomiu_Barcelona_Obertura_Brading_03_Editorial_Design.jpg 1490w\" sizes=\"(max-width: 683px) 100vw, 683px\" \/>\t\t\t\t\t\t\t\t\t\t\t\t\t\t\t<\/div>\n\t\t\t\t<\/div>\n\t\t\t\t<\/div>\n\t\t\t\t<\/div>\n\t\t<div class=\"elementor-element elementor-element-b80c38d e-con-full e-flex e-con e-child\" data-id=\"b80c38d\" data-element_type=\"container\" data-e-type=\"container\">\n\t\t<div class=\"elementor-element elementor-element-8049915 e-con-full e-flex e-con e-child\" data-id=\"8049915\" data-element_type=\"container\" data-e-type=\"container\">\n\t\t\t\t<div class=\"elementor-element elementor-element-3346a27 elementor-widget elementor-widget-image\" data-id=\"3346a27\" data-element_type=\"widget\" data-e-type=\"widget\" data-widget_type=\"image.default\">\n\t\t\t\t<div class=\"elementor-widget-container\">\n\t\t\t\t\t\t\t\t\t\t\t\t\t\t\t<img loading=\"lazy\" decoding=\"async\" width=\"683\" height=\"1024\" src=\"https:\/\/mariavicestudio.com\/wp-content\/uploads\/2025\/09\/Maria-Viladomiu_Barcelona_Obertura_Brading_04_Editorial_Design-683x1024.jpg\" class=\"attachment-large size-large wp-image-1772\" alt=\"Interior spreads of the 24\u201325 Barcelona Obertura catalog, showcasing cultural editorial design\" srcset=\"https:\/\/mariavicestudio.com\/wp-content\/uploads\/2025\/09\/Maria-Viladomiu_Barcelona_Obertura_Brading_04_Editorial_Design-683x1024.jpg 683w, https:\/\/mariavicestudio.com\/wp-content\/uploads\/2025\/09\/Maria-Viladomiu_Barcelona_Obertura_Brading_04_Editorial_Design-200x300.jpg 200w, https:\/\/mariavicestudio.com\/wp-content\/uploads\/2025\/09\/Maria-Viladomiu_Barcelona_Obertura_Brading_04_Editorial_Design-768x1152.jpg 768w, https:\/\/mariavicestudio.com\/wp-content\/uploads\/2025\/09\/Maria-Viladomiu_Barcelona_Obertura_Brading_04_Editorial_Design-1024x1536.jpg 1024w, https:\/\/mariavicestudio.com\/wp-content\/uploads\/2025\/09\/Maria-Viladomiu_Barcelona_Obertura_Brading_04_Editorial_Design-1365x2048.jpg 1365w, https:\/\/mariavicestudio.com\/wp-content\/uploads\/2025\/09\/Maria-Viladomiu_Barcelona_Obertura_Brading_04_Editorial_Design.jpg 1490w\" sizes=\"(max-width: 683px) 100vw, 683px\" \/>\t\t\t\t\t\t\t\t\t\t\t\t\t\t\t<\/div>\n\t\t\t\t<\/div>\n\t\t\t\t<\/div>\n\t\t<div class=\"elementor-element elementor-element-1d5430c e-con-full e-flex e-con e-child\" data-id=\"1d5430c\" data-element_type=\"container\" data-e-type=\"container\">\n\t\t\t\t<div class=\"elementor-element elementor-element-2a1bed7 elementor-widget elementor-widget-image\" data-id=\"2a1bed7\" data-element_type=\"widget\" data-e-type=\"widget\" data-widget_type=\"image.default\">\n\t\t\t\t<div class=\"elementor-widget-container\">\n\t\t\t\t\t\t\t\t\t\t\t\t\t\t\t<img loading=\"lazy\" decoding=\"async\" width=\"683\" height=\"1024\" src=\"https:\/\/mariavicestudio.com\/wp-content\/uploads\/2025\/09\/Maria-Viladomiu_Barcelona_Obertura_Brading_05_Merchandising-683x1024.jpg\" class=\"attachment-large size-large wp-image-1774\" alt=\"Barcelona Obertura 24-25 season tote bag with cultural branding\" srcset=\"https:\/\/mariavicestudio.com\/wp-content\/uploads\/2025\/09\/Maria-Viladomiu_Barcelona_Obertura_Brading_05_Merchandising-683x1024.jpg 683w, https:\/\/mariavicestudio.com\/wp-content\/uploads\/2025\/09\/Maria-Viladomiu_Barcelona_Obertura_Brading_05_Merchandising-200x300.jpg 200w, https:\/\/mariavicestudio.com\/wp-content\/uploads\/2025\/09\/Maria-Viladomiu_Barcelona_Obertura_Brading_05_Merchandising-768x1152.jpg 768w, https:\/\/mariavicestudio.com\/wp-content\/uploads\/2025\/09\/Maria-Viladomiu_Barcelona_Obertura_Brading_05_Merchandising-1024x1536.jpg 1024w, https:\/\/mariavicestudio.com\/wp-content\/uploads\/2025\/09\/Maria-Viladomiu_Barcelona_Obertura_Brading_05_Merchandising-1365x2048.jpg 1365w, https:\/\/mariavicestudio.com\/wp-content\/uploads\/2025\/09\/Maria-Viladomiu_Barcelona_Obertura_Brading_05_Merchandising.jpg 1490w\" sizes=\"(max-width: 683px) 100vw, 683px\" \/>\t\t\t\t\t\t\t\t\t\t\t\t\t\t\t<\/div>\n\t\t\t\t<\/div>\n\t\t\t\t<\/div>\n\t\t\t\t<\/div>\n\t\t<div class=\"elementor-element elementor-element-730f16e e-con-full e-flex e-con e-child\" data-id=\"730f16e\" data-element_type=\"container\" data-e-type=\"container\">\n\t\t\t\t<div class=\"elementor-element elementor-element-0aa4f19 elementor-widget elementor-widget-image\" data-id=\"0aa4f19\" data-element_type=\"widget\" data-e-type=\"widget\" data-widget_type=\"image.default\">\n\t\t\t\t<div class=\"elementor-widget-container\">\n\t\t\t\t\t\t\t\t\t\t\t\t\t\t\t<img loading=\"lazy\" decoding=\"async\" width=\"2560\" height=\"1707\" src=\"https:\/\/mariavicestudio.com\/wp-content\/uploads\/2025\/11\/Maria-Viladomiu_Barcelona_Obertura_Brading_06_Editorial_Design-scaled.webp\" class=\"attachment-full size-full wp-image-2059\" alt=\"P\u00e1ginas interiores del cat\u00e1logo 24-25 mostrando el dise\u00f1o editorial cultural\" srcset=\"https:\/\/mariavicestudio.com\/wp-content\/uploads\/2025\/11\/Maria-Viladomiu_Barcelona_Obertura_Brading_06_Editorial_Design-scaled.webp 2560w, https:\/\/mariavicestudio.com\/wp-content\/uploads\/2025\/11\/Maria-Viladomiu_Barcelona_Obertura_Brading_06_Editorial_Design-300x200.webp 300w, https:\/\/mariavicestudio.com\/wp-content\/uploads\/2025\/11\/Maria-Viladomiu_Barcelona_Obertura_Brading_06_Editorial_Design-1024x683.webp 1024w, https:\/\/mariavicestudio.com\/wp-content\/uploads\/2025\/11\/Maria-Viladomiu_Barcelona_Obertura_Brading_06_Editorial_Design-768x512.webp 768w, https:\/\/mariavicestudio.com\/wp-content\/uploads\/2025\/11\/Maria-Viladomiu_Barcelona_Obertura_Brading_06_Editorial_Design-1536x1024.webp 1536w, https:\/\/mariavicestudio.com\/wp-content\/uploads\/2025\/11\/Maria-Viladomiu_Barcelona_Obertura_Brading_06_Editorial_Design-2048x1366.webp 2048w\" sizes=\"(max-width: 2560px) 100vw, 2560px\" \/>\t\t\t\t\t\t\t\t\t\t\t\t\t\t\t<\/div>\n\t\t\t\t<\/div>\n\t\t\t\t<\/div>\n\t\t<div class=\"elementor-element elementor-element-2979f7d e-con-full e-flex e-con e-child\" data-id=\"2979f7d\" data-element_type=\"container\" data-e-type=\"container\">\n\t\t<div class=\"elementor-element elementor-element-269399d e-con-full e-flex e-con e-child\" data-id=\"269399d\" data-element_type=\"container\" data-e-type=\"container\">\n\t\t\t\t<div class=\"elementor-element elementor-element-0a33187 elementor-widget elementor-widget-image\" data-id=\"0a33187\" data-element_type=\"widget\" data-e-type=\"widget\" data-widget_type=\"image.default\">\n\t\t\t\t<div class=\"elementor-widget-container\">\n\t\t\t\t\t\t\t\t\t\t\t\t\t\t\t<img loading=\"lazy\" decoding=\"async\" width=\"683\" height=\"1024\" src=\"https:\/\/mariavicestudio.com\/wp-content\/uploads\/2025\/09\/Maria-Viladomiu_Barcelona_Obertura_Brading_07_Editorial_Design-683x1024.jpg\" class=\"attachment-large size-large wp-image-1778\" alt=\"Cover of the festival flyer, cultural campaign by Maria Viladomiu\" srcset=\"https:\/\/mariavicestudio.com\/wp-content\/uploads\/2025\/09\/Maria-Viladomiu_Barcelona_Obertura_Brading_07_Editorial_Design-683x1024.jpg 683w, https:\/\/mariavicestudio.com\/wp-content\/uploads\/2025\/09\/Maria-Viladomiu_Barcelona_Obertura_Brading_07_Editorial_Design-200x300.jpg 200w, https:\/\/mariavicestudio.com\/wp-content\/uploads\/2025\/09\/Maria-Viladomiu_Barcelona_Obertura_Brading_07_Editorial_Design-768x1152.jpg 768w, https:\/\/mariavicestudio.com\/wp-content\/uploads\/2025\/09\/Maria-Viladomiu_Barcelona_Obertura_Brading_07_Editorial_Design-1024x1536.jpg 1024w, https:\/\/mariavicestudio.com\/wp-content\/uploads\/2025\/09\/Maria-Viladomiu_Barcelona_Obertura_Brading_07_Editorial_Design-1365x2048.jpg 1365w, https:\/\/mariavicestudio.com\/wp-content\/uploads\/2025\/09\/Maria-Viladomiu_Barcelona_Obertura_Brading_07_Editorial_Design.jpg 1490w\" sizes=\"(max-width: 683px) 100vw, 683px\" \/>\t\t\t\t\t\t\t\t\t\t\t\t\t\t\t<\/div>\n\t\t\t\t<\/div>\n\t\t\t\t<\/div>\n\t\t<div class=\"elementor-element elementor-element-177b069 e-con-full e-flex e-con e-child\" data-id=\"177b069\" data-element_type=\"container\" data-e-type=\"container\">\n\t\t\t\t<div class=\"elementor-element elementor-element-0f02c0e elementor-widget elementor-widget-image\" data-id=\"0f02c0e\" data-element_type=\"widget\" data-e-type=\"widget\" data-widget_type=\"image.default\">\n\t\t\t\t<div class=\"elementor-widget-container\">\n\t\t\t\t\t\t\t\t\t\t\t\t\t\t\t<img loading=\"lazy\" decoding=\"async\" width=\"683\" height=\"1024\" src=\"https:\/\/mariavicestudio.com\/wp-content\/uploads\/2025\/09\/Maria-Viladomiu_Barcelona_Obertura_Brading_08_Editorial_Design-683x1024.jpg\" class=\"attachment-large size-large wp-image-1780\" alt=\"Interior of the Barcelona Obertura Spring Festival fold-out featuring the cultural campaign.\" srcset=\"https:\/\/mariavicestudio.com\/wp-content\/uploads\/2025\/09\/Maria-Viladomiu_Barcelona_Obertura_Brading_08_Editorial_Design-683x1024.jpg 683w, https:\/\/mariavicestudio.com\/wp-content\/uploads\/2025\/09\/Maria-Viladomiu_Barcelona_Obertura_Brading_08_Editorial_Design-200x300.jpg 200w, https:\/\/mariavicestudio.com\/wp-content\/uploads\/2025\/09\/Maria-Viladomiu_Barcelona_Obertura_Brading_08_Editorial_Design-768x1152.jpg 768w, https:\/\/mariavicestudio.com\/wp-content\/uploads\/2025\/09\/Maria-Viladomiu_Barcelona_Obertura_Brading_08_Editorial_Design-1024x1536.jpg 1024w, https:\/\/mariavicestudio.com\/wp-content\/uploads\/2025\/09\/Maria-Viladomiu_Barcelona_Obertura_Brading_08_Editorial_Design-1365x2048.jpg 1365w, https:\/\/mariavicestudio.com\/wp-content\/uploads\/2025\/09\/Maria-Viladomiu_Barcelona_Obertura_Brading_08_Editorial_Design.jpg 1490w\" sizes=\"(max-width: 683px) 100vw, 683px\" \/>\t\t\t\t\t\t\t\t\t\t\t\t\t\t\t<\/div>\n\t\t\t\t<\/div>\n\t\t\t\t<\/div>\n\t\t\t\t<\/div>\n\t\t<div class=\"elementor-element elementor-element-23cae77 e-con-full e-flex e-con e-child\" data-id=\"23cae77\" data-element_type=\"container\" data-e-type=\"container\">\n\t\t\t\t<div class=\"elementor-element elementor-element-7401e57 elementor-widget elementor-widget-image\" data-id=\"7401e57\" data-element_type=\"widget\" data-e-type=\"widget\" data-widget_type=\"image.default\">\n\t\t\t\t<div class=\"elementor-widget-container\">\n\t\t\t\t\t\t\t\t\t\t\t\t\t\t\t<img loading=\"lazy\" decoding=\"async\" width=\"2560\" height=\"1707\" src=\"https:\/\/mariavicestudio.com\/wp-content\/uploads\/2025\/09\/Maria-Viladomiu_Barcelona_Obertura_Brading_09_Editorial_Design.jpg\" class=\"attachment-full size-full wp-image-1782\" alt=\"Exterior of the fold-out featuring the festival program.\" srcset=\"https:\/\/mariavicestudio.com\/wp-content\/uploads\/2025\/09\/Maria-Viladomiu_Barcelona_Obertura_Brading_09_Editorial_Design.jpg 2560w, https:\/\/mariavicestudio.com\/wp-content\/uploads\/2025\/09\/Maria-Viladomiu_Barcelona_Obertura_Brading_09_Editorial_Design-300x200.jpg 300w, https:\/\/mariavicestudio.com\/wp-content\/uploads\/2025\/09\/Maria-Viladomiu_Barcelona_Obertura_Brading_09_Editorial_Design-1024x683.jpg 1024w, https:\/\/mariavicestudio.com\/wp-content\/uploads\/2025\/09\/Maria-Viladomiu_Barcelona_Obertura_Brading_09_Editorial_Design-768x512.jpg 768w, https:\/\/mariavicestudio.com\/wp-content\/uploads\/2025\/09\/Maria-Viladomiu_Barcelona_Obertura_Brading_09_Editorial_Design-1536x1024.jpg 1536w, https:\/\/mariavicestudio.com\/wp-content\/uploads\/2025\/09\/Maria-Viladomiu_Barcelona_Obertura_Brading_09_Editorial_Design-2048x1366.jpg 2048w\" sizes=\"(max-width: 2560px) 100vw, 2560px\" \/>\t\t\t\t\t\t\t\t\t\t\t\t\t\t\t<\/div>\n\t\t\t\t<\/div>\n\t\t\t\t<\/div>\n\t\t<div class=\"elementor-element elementor-element-5c9db99 e-con-full e-flex e-con e-child\" data-id=\"5c9db99\" data-element_type=\"container\" data-e-type=\"container\">\n\t\t<div class=\"elementor-element elementor-element-e78f89e e-con-full e-flex e-con e-child\" data-id=\"e78f89e\" data-element_type=\"container\" data-e-type=\"container\">\n\t\t\t\t<div class=\"elementor-element elementor-element-70073cd elementor-widget elementor-widget-image\" data-id=\"70073cd\" data-element_type=\"widget\" data-e-type=\"widget\" data-widget_type=\"image.default\">\n\t\t\t\t<div class=\"elementor-widget-container\">\n\t\t\t\t\t\t\t\t\t\t\t\t\t\t\t<img loading=\"lazy\" decoding=\"async\" width=\"683\" height=\"1024\" src=\"https:\/\/mariavicestudio.com\/wp-content\/uploads\/2025\/09\/Maria-Viladomiu_Barcelona_Obertura_Brading_10_Editorial_Design-683x1024.jpg\" class=\"attachment-large size-large wp-image-1784\" alt=\"Flyer back featuring the Barcelona Obertura Spring Festival program.\" srcset=\"https:\/\/mariavicestudio.com\/wp-content\/uploads\/2025\/09\/Maria-Viladomiu_Barcelona_Obertura_Brading_10_Editorial_Design-683x1024.jpg 683w, https:\/\/mariavicestudio.com\/wp-content\/uploads\/2025\/09\/Maria-Viladomiu_Barcelona_Obertura_Brading_10_Editorial_Design-200x300.jpg 200w, https:\/\/mariavicestudio.com\/wp-content\/uploads\/2025\/09\/Maria-Viladomiu_Barcelona_Obertura_Brading_10_Editorial_Design-768x1152.jpg 768w, https:\/\/mariavicestudio.com\/wp-content\/uploads\/2025\/09\/Maria-Viladomiu_Barcelona_Obertura_Brading_10_Editorial_Design-1024x1536.jpg 1024w, https:\/\/mariavicestudio.com\/wp-content\/uploads\/2025\/09\/Maria-Viladomiu_Barcelona_Obertura_Brading_10_Editorial_Design-1365x2048.jpg 1365w, https:\/\/mariavicestudio.com\/wp-content\/uploads\/2025\/09\/Maria-Viladomiu_Barcelona_Obertura_Brading_10_Editorial_Design.jpg 1490w\" sizes=\"(max-width: 683px) 100vw, 683px\" \/>\t\t\t\t\t\t\t\t\t\t\t\t\t\t\t<\/div>\n\t\t\t\t<\/div>\n\t\t\t\t<\/div>\n\t\t<div class=\"elementor-element elementor-element-93ac3f7 e-con-full e-flex e-con e-child\" data-id=\"93ac3f7\" data-element_type=\"container\" data-e-type=\"container\">\n\t\t\t\t<div class=\"elementor-element elementor-element-eb90503 elementor-widget elementor-widget-image\" data-id=\"eb90503\" data-element_type=\"widget\" data-e-type=\"widget\" data-widget_type=\"image.default\">\n\t\t\t\t<div class=\"elementor-widget-container\">\n\t\t\t\t\t\t\t\t\t\t\t\t\t\t\t<img loading=\"lazy\" decoding=\"async\" width=\"683\" height=\"1024\" src=\"https:\/\/mariavicestudio.com\/wp-content\/uploads\/2025\/09\/Maria-Viladomiu_Barcelona_Obertura_Brading_11_Editorial_Design-683x1024.jpg\" class=\"attachment-large size-large wp-image-1786\" alt=\"Desplegable con la programaci\u00f3n del festival mostrando eventos y actividades\" srcset=\"https:\/\/mariavicestudio.com\/wp-content\/uploads\/2025\/09\/Maria-Viladomiu_Barcelona_Obertura_Brading_11_Editorial_Design-683x1024.jpg 683w, https:\/\/mariavicestudio.com\/wp-content\/uploads\/2025\/09\/Maria-Viladomiu_Barcelona_Obertura_Brading_11_Editorial_Design-200x300.jpg 200w, https:\/\/mariavicestudio.com\/wp-content\/uploads\/2025\/09\/Maria-Viladomiu_Barcelona_Obertura_Brading_11_Editorial_Design-768x1152.jpg 768w, https:\/\/mariavicestudio.com\/wp-content\/uploads\/2025\/09\/Maria-Viladomiu_Barcelona_Obertura_Brading_11_Editorial_Design-1024x1536.jpg 1024w, https:\/\/mariavicestudio.com\/wp-content\/uploads\/2025\/09\/Maria-Viladomiu_Barcelona_Obertura_Brading_11_Editorial_Design-1365x2048.jpg 1365w, https:\/\/mariavicestudio.com\/wp-content\/uploads\/2025\/09\/Maria-Viladomiu_Barcelona_Obertura_Brading_11_Editorial_Design.jpg 1490w\" sizes=\"(max-width: 683px) 100vw, 683px\" \/>\t\t\t\t\t\t\t\t\t\t\t\t\t\t\t<\/div>\n\t\t\t\t<\/div>\n\t\t\t\t<\/div>\n\t\t\t\t<\/div>\n\t\t<div class=\"elementor-element elementor-element-7a8eb07 e-con-full e-flex e-con e-child\" data-id=\"7a8eb07\" data-element_type=\"container\" data-e-type=\"container\">\n\t\t<div class=\"elementor-element elementor-element-e72187f e-con-full e-flex e-con e-child\" data-id=\"e72187f\" data-element_type=\"container\" data-e-type=\"container\">\n\t\t\t\t<div class=\"elementor-element elementor-element-3daa19a elementor-widget elementor-widget-image\" data-id=\"3daa19a\" data-element_type=\"widget\" data-e-type=\"widget\" data-widget_type=\"image.default\">\n\t\t\t\t<div class=\"elementor-widget-container\">\n\t\t\t\t\t\t\t\t\t\t\t\t\t\t\t<img loading=\"lazy\" decoding=\"async\" width=\"683\" height=\"1024\" src=\"https:\/\/mariavicestudio.com\/wp-content\/uploads\/2025\/09\/Maria-Viladomiu_Barcelona_Obertura_Brading_12_Editorial_Design-683x1024.jpg\" class=\"attachment-large size-large wp-image-1788\" alt=\"Interior pages of the 24-25 catalog showing cultural editorial design\" srcset=\"https:\/\/mariavicestudio.com\/wp-content\/uploads\/2025\/09\/Maria-Viladomiu_Barcelona_Obertura_Brading_12_Editorial_Design-683x1024.jpg 683w, https:\/\/mariavicestudio.com\/wp-content\/uploads\/2025\/09\/Maria-Viladomiu_Barcelona_Obertura_Brading_12_Editorial_Design-200x300.jpg 200w, https:\/\/mariavicestudio.com\/wp-content\/uploads\/2025\/09\/Maria-Viladomiu_Barcelona_Obertura_Brading_12_Editorial_Design-768x1152.jpg 768w, https:\/\/mariavicestudio.com\/wp-content\/uploads\/2025\/09\/Maria-Viladomiu_Barcelona_Obertura_Brading_12_Editorial_Design-1024x1536.jpg 1024w, https:\/\/mariavicestudio.com\/wp-content\/uploads\/2025\/09\/Maria-Viladomiu_Barcelona_Obertura_Brading_12_Editorial_Design-1365x2048.jpg 1365w, https:\/\/mariavicestudio.com\/wp-content\/uploads\/2025\/09\/Maria-Viladomiu_Barcelona_Obertura_Brading_12_Editorial_Design.jpg 1490w\" sizes=\"(max-width: 683px) 100vw, 683px\" \/>\t\t\t\t\t\t\t\t\t\t\t\t\t\t\t<\/div>\n\t\t\t\t<\/div>\n\t\t\t\t<\/div>\n\t\t<div class=\"elementor-element elementor-element-a48cc44 e-con-full e-flex e-con e-child\" data-id=\"a48cc44\" data-element_type=\"container\" data-e-type=\"container\">\n\t\t\t\t<div class=\"elementor-element elementor-element-cdf7a12 elementor-widget elementor-widget-image\" data-id=\"cdf7a12\" data-element_type=\"widget\" data-e-type=\"widget\" data-widget_type=\"image.default\">\n\t\t\t\t<div class=\"elementor-widget-container\">\n\t\t\t\t\t\t\t\t\t\t\t\t\t\t\t<img loading=\"lazy\" decoding=\"async\" width=\"683\" height=\"1024\" src=\"https:\/\/mariavicestudio.com\/wp-content\/uploads\/2025\/09\/Maria-Viladomiu_Barcelona_Obertura_Brading_13_Editorial_Design-683x1024.jpg\" class=\"attachment-large size-large wp-image-1790\" alt=\"Interior pages of the 24-25 catalog showing cultural editorial design\" srcset=\"https:\/\/mariavicestudio.com\/wp-content\/uploads\/2025\/09\/Maria-Viladomiu_Barcelona_Obertura_Brading_13_Editorial_Design-683x1024.jpg 683w, https:\/\/mariavicestudio.com\/wp-content\/uploads\/2025\/09\/Maria-Viladomiu_Barcelona_Obertura_Brading_13_Editorial_Design-200x300.jpg 200w, https:\/\/mariavicestudio.com\/wp-content\/uploads\/2025\/09\/Maria-Viladomiu_Barcelona_Obertura_Brading_13_Editorial_Design-768x1152.jpg 768w, https:\/\/mariavicestudio.com\/wp-content\/uploads\/2025\/09\/Maria-Viladomiu_Barcelona_Obertura_Brading_13_Editorial_Design-1024x1536.jpg 1024w, https:\/\/mariavicestudio.com\/wp-content\/uploads\/2025\/09\/Maria-Viladomiu_Barcelona_Obertura_Brading_13_Editorial_Design-1365x2048.jpg 1365w, https:\/\/mariavicestudio.com\/wp-content\/uploads\/2025\/09\/Maria-Viladomiu_Barcelona_Obertura_Brading_13_Editorial_Design.jpg 1490w\" sizes=\"(max-width: 683px) 100vw, 683px\" \/>\t\t\t\t\t\t\t\t\t\t\t\t\t\t\t<\/div>\n\t\t\t\t<\/div>\n\t\t\t\t<\/div>\n\t\t\t\t<\/div>\n\t\t\t\t<\/div>\n\t\t<div class=\"elementor-element elementor-element-602062d6 e-con-full e-flex e-con e-parent\" data-id=\"602062d6\" data-element_type=\"container\" data-e-type=\"container\">\n\t\t\t\t<div class=\"elementor-element elementor-element-13a31b6a link elementor-invisible elementor-widget elementor-widget-post-navigation\" data-id=\"13a31b6a\" data-element_type=\"widget\" data-e-type=\"widget\" data-settings=\"{&quot;_animation&quot;:&quot;fadeIn&quot;}\" data-widget_type=\"post-navigation.default\">\n\t\t\t\t<div class=\"elementor-widget-container\">\n\t\t\t\t\t\t\t<div class=\"elementor-post-navigation\" role=\"navigation\" aria-label=\"Post Navigation\">\n\t\t\t<div class=\"elementor-post-navigation__prev elementor-post-navigation__link\">\n\t\t\t\t<a href=\"https:\/\/mariavicestudio.com\/en\/projects\/ledsc4-light-for-better-living\/\" rel=\"prev\"><span class=\"post-navigation__arrow-wrapper post-navigation__arrow-prev\"><svg aria-hidden=\"true\" class=\"e-font-icon-svg e-fas-angle-left\" viewBox=\"0 0 256 512\" xmlns=\"http:\/\/www.w3.org\/2000\/svg\"><path d=\"M31.7 239l136-136c9.4-9.4 24.6-9.4 33.9 0l22.6 22.6c9.4 9.4 9.4 24.6 0 33.9L127.9 256l96.4 96.4c9.4 9.4 9.4 24.6 0 33.9L201.7 409c-9.4 9.4-24.6 9.4-33.9 0l-136-136c-9.5-9.4-9.5-24.6-.1-34z\"><\/path><\/svg><span class=\"elementor-screen-only\">Prev<\/span><\/span><span class=\"elementor-post-navigation__link__prev\"><span class=\"post-navigation__prev--title\">LedsC4 &#8211; Light for better living<\/span><\/span><\/a>\t\t\t<\/div>\n\t\t\t\t\t\t<div class=\"elementor-post-navigation__next elementor-post-navigation__link\">\n\t\t\t\t<a href=\"https:\/\/mariavicestudio.com\/en\/projects\/fundacio-guell-branding\/\" rel=\"next\"><span class=\"elementor-post-navigation__link__next\"><span class=\"post-navigation__next--title\">Fundaci\u00f3 G\u00fcell \u2013 Branding<\/span><\/span><span class=\"post-navigation__arrow-wrapper post-navigation__arrow-next\"><svg aria-hidden=\"true\" class=\"e-font-icon-svg e-fas-angle-right\" viewBox=\"0 0 256 512\" xmlns=\"http:\/\/www.w3.org\/2000\/svg\"><path d=\"M224.3 273l-136 136c-9.4 9.4-24.6 9.4-33.9 0l-22.6-22.6c-9.4-9.4-9.4-24.6 0-33.9l96.4-96.4-96.4-96.4c-9.4-9.4-9.4-24.6 0-33.9L54.3 103c9.4-9.4 24.6-9.4 33.9 0l136 136c9.5 9.4 9.5 24.6.1 34z\"><\/path><\/svg><span class=\"elementor-screen-only\">Next<\/span><\/span><\/a>\t\t\t<\/div>\n\t\t<\/div>\n\t\t\t\t\t\t<\/div>\n\t\t\t\t<\/div>\n\t\t\t\t<\/div>\n\t\t\t\t<\/div>\n\t\t","protected":false},"featured_media":1862,"template":"","categories":[36,48,35],"tags":[],"class_list":["post-1891","projects","type-projects","status-publish","has-post-thumbnail","hentry","category-branding-en","category-campaign","category-editorial-design"],"acf":[],"yoast_head":"<!-- This site is optimized with the Yoast SEO plugin v27.4 - https:\/\/yoast.com\/product\/yoast-seo-wordpress\/ -->\n<title>Barcelona Obertura \u2013 cultural campaign | Maria Vice Studio<\/title>\n<meta name=\"description\" content=\"Barcelona Obertura presents a cultural campaign blending talent, architecture, and emotion, projecting Barcelona onto the world stage.\" \/>\n<meta name=\"robots\" content=\"index, follow, max-snippet:-1, max-image-preview:large, max-video-preview:-1\" \/>\n<link rel=\"canonical\" href=\"https:\/\/mariavicestudio.com\/en\/projects\/barcelona-obertura-cultural-campaign\/\" \/>\n<meta property=\"og:locale\" content=\"en_US\" \/>\n<meta property=\"og:type\" content=\"article\" \/>\n<meta property=\"og:title\" content=\"Barcelona Obertura \u2013 cultural campaign | Maria Vice Studio\" \/>\n<meta property=\"og:description\" content=\"Barcelona Obertura presents a cultural campaign blending talent, architecture, and emotion, projecting Barcelona onto the world stage.\" \/>\n<meta property=\"og:url\" content=\"https:\/\/mariavicestudio.com\/en\/projects\/barcelona-obertura-cultural-campaign\/\" \/>\n<meta property=\"og:site_name\" content=\"Maria Vice Studio\" \/>\n<meta property=\"article:modified_time\" content=\"2025-11-26T05:16:26+00:00\" \/>\n<meta property=\"og:image\" content=\"https:\/\/mariavicestudio.com\/wp-content\/uploads\/2025\/09\/Maria-Viladomiu_Barcelona_Obertura_Brading_H0_Editorial_Design-scaled.jpg\" \/>\n\t<meta property=\"og:image:width\" content=\"1919\" \/>\n\t<meta property=\"og:image:height\" content=\"2560\" \/>\n\t<meta property=\"og:image:type\" content=\"image\/jpeg\" \/>\n<meta name=\"twitter:card\" content=\"summary_large_image\" \/>\n<script type=\"application\/ld+json\" class=\"yoast-schema-graph\">{\"@context\":\"https:\\\/\\\/schema.org\",\"@graph\":[{\"@type\":\"WebPage\",\"@id\":\"https:\\\/\\\/mariavicestudio.com\\\/en\\\/projects\\\/barcelona-obertura-cultural-campaign\\\/\",\"url\":\"https:\\\/\\\/mariavicestudio.com\\\/en\\\/projects\\\/barcelona-obertura-cultural-campaign\\\/\",\"name\":\"Barcelona Obertura \u2013 cultural campaign | Maria Vice Studio\",\"isPartOf\":{\"@id\":\"https:\\\/\\\/mariavicestudio.com\\\/en\\\/#website\"},\"primaryImageOfPage\":{\"@id\":\"https:\\\/\\\/mariavicestudio.com\\\/en\\\/projects\\\/barcelona-obertura-cultural-campaign\\\/#primaryimage\"},\"image\":{\"@id\":\"https:\\\/\\\/mariavicestudio.com\\\/en\\\/projects\\\/barcelona-obertura-cultural-campaign\\\/#primaryimage\"},\"thumbnailUrl\":\"https:\\\/\\\/mariavicestudio.com\\\/wp-content\\\/uploads\\\/2025\\\/09\\\/Maria-Viladomiu_Barcelona_Obertura_Brading_H0_Editorial_Design-scaled.jpg\",\"datePublished\":\"2025-09-02T17:33:31+00:00\",\"dateModified\":\"2025-11-26T05:16:26+00:00\",\"description\":\"Barcelona Obertura presents a cultural campaign blending talent, architecture, and emotion, projecting Barcelona onto the world stage.\",\"breadcrumb\":{\"@id\":\"https:\\\/\\\/mariavicestudio.com\\\/en\\\/projects\\\/barcelona-obertura-cultural-campaign\\\/#breadcrumb\"},\"inLanguage\":\"en-US\",\"potentialAction\":[{\"@type\":\"ReadAction\",\"target\":[\"https:\\\/\\\/mariavicestudio.com\\\/en\\\/projects\\\/barcelona-obertura-cultural-campaign\\\/\"]}]},{\"@type\":\"ImageObject\",\"inLanguage\":\"en-US\",\"@id\":\"https:\\\/\\\/mariavicestudio.com\\\/en\\\/projects\\\/barcelona-obertura-cultural-campaign\\\/#primaryimage\",\"url\":\"https:\\\/\\\/mariavicestudio.com\\\/wp-content\\\/uploads\\\/2025\\\/09\\\/Maria-Viladomiu_Barcelona_Obertura_Brading_H0_Editorial_Design-scaled.jpg\",\"contentUrl\":\"https:\\\/\\\/mariavicestudio.com\\\/wp-content\\\/uploads\\\/2025\\\/09\\\/Maria-Viladomiu_Barcelona_Obertura_Brading_H0_Editorial_Design-scaled.jpg\",\"width\":1919,\"height\":2560,\"caption\":\"Barcelona Obertura 24-25 season tote bag with cultural branding\"},{\"@type\":\"BreadcrumbList\",\"@id\":\"https:\\\/\\\/mariavicestudio.com\\\/en\\\/projects\\\/barcelona-obertura-cultural-campaign\\\/#breadcrumb\",\"itemListElement\":[{\"@type\":\"ListItem\",\"position\":1,\"name\":\"Home\",\"item\":\"https:\\\/\\\/mariavicestudio.com\\\/en\\\/home\\\/\"},{\"@type\":\"ListItem\",\"position\":2,\"name\":\"Barcelona Obertura \u2013 cultural campaign\"}]},{\"@type\":\"WebSite\",\"@id\":\"https:\\\/\\\/mariavicestudio.com\\\/en\\\/#website\",\"url\":\"https:\\\/\\\/mariavicestudio.com\\\/en\\\/\",\"name\":\"Maria Vice Studio\",\"description\":\"\",\"potentialAction\":[{\"@type\":\"SearchAction\",\"target\":{\"@type\":\"EntryPoint\",\"urlTemplate\":\"https:\\\/\\\/mariavicestudio.com\\\/en\\\/?s={search_term_string}\"},\"query-input\":{\"@type\":\"PropertyValueSpecification\",\"valueRequired\":true,\"valueName\":\"search_term_string\"}}],\"inLanguage\":\"en-US\"}]}<\/script>\n<!-- \/ Yoast SEO plugin. -->","yoast_head_json":{"title":"Barcelona Obertura \u2013 cultural campaign | Maria Vice Studio","description":"Barcelona Obertura presents a cultural campaign blending talent, architecture, and emotion, projecting Barcelona onto the world stage.","robots":{"index":"index","follow":"follow","max-snippet":"max-snippet:-1","max-image-preview":"max-image-preview:large","max-video-preview":"max-video-preview:-1"},"canonical":"https:\/\/mariavicestudio.com\/en\/projects\/barcelona-obertura-cultural-campaign\/","og_locale":"en_US","og_type":"article","og_title":"Barcelona Obertura \u2013 cultural campaign | Maria Vice Studio","og_description":"Barcelona Obertura presents a cultural campaign blending talent, architecture, and emotion, projecting Barcelona onto the world stage.","og_url":"https:\/\/mariavicestudio.com\/en\/projects\/barcelona-obertura-cultural-campaign\/","og_site_name":"Maria Vice Studio","article_modified_time":"2025-11-26T05:16:26+00:00","og_image":[{"width":1919,"height":2560,"url":"https:\/\/mariavicestudio.com\/wp-content\/uploads\/2025\/09\/Maria-Viladomiu_Barcelona_Obertura_Brading_H0_Editorial_Design-scaled.jpg","type":"image\/jpeg"}],"twitter_card":"summary_large_image","schema":{"@context":"https:\/\/schema.org","@graph":[{"@type":"WebPage","@id":"https:\/\/mariavicestudio.com\/en\/projects\/barcelona-obertura-cultural-campaign\/","url":"https:\/\/mariavicestudio.com\/en\/projects\/barcelona-obertura-cultural-campaign\/","name":"Barcelona Obertura \u2013 cultural campaign | Maria Vice Studio","isPartOf":{"@id":"https:\/\/mariavicestudio.com\/en\/#website"},"primaryImageOfPage":{"@id":"https:\/\/mariavicestudio.com\/en\/projects\/barcelona-obertura-cultural-campaign\/#primaryimage"},"image":{"@id":"https:\/\/mariavicestudio.com\/en\/projects\/barcelona-obertura-cultural-campaign\/#primaryimage"},"thumbnailUrl":"https:\/\/mariavicestudio.com\/wp-content\/uploads\/2025\/09\/Maria-Viladomiu_Barcelona_Obertura_Brading_H0_Editorial_Design-scaled.jpg","datePublished":"2025-09-02T17:33:31+00:00","dateModified":"2025-11-26T05:16:26+00:00","description":"Barcelona Obertura presents a cultural campaign blending talent, architecture, and emotion, projecting Barcelona onto the world stage.","breadcrumb":{"@id":"https:\/\/mariavicestudio.com\/en\/projects\/barcelona-obertura-cultural-campaign\/#breadcrumb"},"inLanguage":"en-US","potentialAction":[{"@type":"ReadAction","target":["https:\/\/mariavicestudio.com\/en\/projects\/barcelona-obertura-cultural-campaign\/"]}]},{"@type":"ImageObject","inLanguage":"en-US","@id":"https:\/\/mariavicestudio.com\/en\/projects\/barcelona-obertura-cultural-campaign\/#primaryimage","url":"https:\/\/mariavicestudio.com\/wp-content\/uploads\/2025\/09\/Maria-Viladomiu_Barcelona_Obertura_Brading_H0_Editorial_Design-scaled.jpg","contentUrl":"https:\/\/mariavicestudio.com\/wp-content\/uploads\/2025\/09\/Maria-Viladomiu_Barcelona_Obertura_Brading_H0_Editorial_Design-scaled.jpg","width":1919,"height":2560,"caption":"Barcelona Obertura 24-25 season tote bag with cultural branding"},{"@type":"BreadcrumbList","@id":"https:\/\/mariavicestudio.com\/en\/projects\/barcelona-obertura-cultural-campaign\/#breadcrumb","itemListElement":[{"@type":"ListItem","position":1,"name":"Home","item":"https:\/\/mariavicestudio.com\/en\/home\/"},{"@type":"ListItem","position":2,"name":"Barcelona Obertura \u2013 cultural campaign"}]},{"@type":"WebSite","@id":"https:\/\/mariavicestudio.com\/en\/#website","url":"https:\/\/mariavicestudio.com\/en\/","name":"Maria Vice Studio","description":"","potentialAction":[{"@type":"SearchAction","target":{"@type":"EntryPoint","urlTemplate":"https:\/\/mariavicestudio.com\/en\/?s={search_term_string}"},"query-input":{"@type":"PropertyValueSpecification","valueRequired":true,"valueName":"search_term_string"}}],"inLanguage":"en-US"}]}},"_links":{"self":[{"href":"https:\/\/mariavicestudio.com\/en\/wp-json\/wp\/v2\/projects\/1891","targetHints":{"allow":["GET"]}}],"collection":[{"href":"https:\/\/mariavicestudio.com\/en\/wp-json\/wp\/v2\/projects"}],"about":[{"href":"https:\/\/mariavicestudio.com\/en\/wp-json\/wp\/v2\/types\/projects"}],"version-history":[{"count":5,"href":"https:\/\/mariavicestudio.com\/en\/wp-json\/wp\/v2\/projects\/1891\/revisions"}],"predecessor-version":[{"id":2063,"href":"https:\/\/mariavicestudio.com\/en\/wp-json\/wp\/v2\/projects\/1891\/revisions\/2063"}],"wp:featuredmedia":[{"embeddable":true,"href":"https:\/\/mariavicestudio.com\/en\/wp-json\/wp\/v2\/media\/1862"}],"wp:attachment":[{"href":"https:\/\/mariavicestudio.com\/en\/wp-json\/wp\/v2\/media?parent=1891"}],"wp:term":[{"taxonomy":"category","embeddable":true,"href":"https:\/\/mariavicestudio.com\/en\/wp-json\/wp\/v2\/categories?post=1891"},{"taxonomy":"post_tag","embeddable":true,"href":"https:\/\/mariavicestudio.com\/en\/wp-json\/wp\/v2\/tags?post=1891"}],"curies":[{"name":"wp","href":"https:\/\/api.w.org\/{rel}","templated":true}]}}